{"id":9976,"date":"2024-11-19T08:26:53","date_gmt":"2024-11-19T07:26:53","guid":{"rendered":"https:\/\/bauen-digital.ch\/?post_type=tribe_events&#038;p=9976"},"modified":"2024-11-19T12:04:25","modified_gmt":"2024-11-19T11:04:25","slug":"levenement-geomatique-de-rmdata-2","status":"publish","type":"tribe_events","link":"https:\/\/bauen-digital.ch\/fr\/event\/levenement-geomatique-de-rmdata-2\/","title":{"rendered":"L&#8217;\u00c9v\u00e9nement g\u00e9omatique de rmDATA"},"content":{"rendered":"<p>Nous vous invitons \u00e0 notre \u00e9v\u00e9nement g\u00e9omatique de cette ann\u00e9e \u00e0 Yverdon-les-Bains ! Un programme vari\u00e9 vous attend avec des regards et des perspectives au sein de l&#8217;univers des produits rmDATA ainsi que des conf\u00e9rences int\u00e9ressantes donn\u00e9es par des invit\u00e9s.<\/p>\n<p>Informez-vous sur l&#8217;\u00e9tat actuel de\u00a0<a href=\"https:\/\/www.rmdatagroup.com\/fr\/suisse\/solutionsdermdata\/mensuration-cadastrale\/\">la solution pour la MO Suisse<\/a>, le cadastre des conduites industrielles, le nouveau mod\u00e8le Software-as-a-Service, les nouveaut\u00e9s dans le logiciel de traitement des nuages de points\u00a0<a href=\"https:\/\/www.rmdatagroup.com\/fr\/suisse\/produits\/rmdata-3dworx\/\">rmDATA 3DWorx<\/a>\u00a0et enfin sur\u00a0<a href=\"https:\/\/www.rmdatagroup.com\/fr\/suisse\/produits\/solution-geomatique-rmdata\/\">rmDATA G\u00e9omatique<\/a>, la solution tout-en-un pour la g\u00e9omatique.<\/p>\n<p>Bien entendu, la composante sociale ne sera pas en reste, avec un caf\u00e9 de bienvenue, des pauses et un repas \u00e0 la fin de l&#8217;\u00e9v\u00e9nement g\u00e9omatique de rmDATA.<\/p>\n<p>Nous nous r\u00e9jouissons de votre prochaine visite et des discussions int\u00e9ressantes avec vous !<\/p>\n<p>Inscrivez-vous d\u00e8s maintenant et assurez-vous une place.<\/p>\n","protected":false},"excerpt":{"rendered":"<p>Nous vous invitons \u00e0 notre \u00e9v\u00e9nement g\u00e9omatique de cette ann\u00e9e \u00e0 Yverdon-les-Bains ! Un programme vari\u00e9 vous attend avec des regards et des perspectives au sein de l&#8217;univers des produits rmDATA ainsi que des conf\u00e9rences int\u00e9ressantes donn\u00e9es par des invit\u00e9s. Informez-vous sur l&#8217;\u00e9tat actuel de\u00a0la solution pour la MO Suisse,&#8230;<\/p>\n","protected":false},"author":2,"featured_media":9986,"template":"","meta":{"_tribe_events_status":"","_tribe_events_status_reason":"","footnotes":"","_links_to":"","_links_to_target":""},"tags":[],"tribe_events_cat":[102],"class_list":["post-9976","tribe_events","type-tribe_events","status-publish","has-post-thumbnail","hentry","tribe_events_cat-evenements-des-membres","cat_evenements-des-membres"],"yoast_head":"<!-- This site is optimized with the Yoast SEO plugin v27.4 - https:\/\/yoast.com\/product\/yoast-seo-wordpress\/ -->\n<title>L&#039;\u00c9v\u00e9nement g\u00e9omatique de rmDATA - B\u00e2tir digital Suisse \/ buildingSMART Switzerland<\/title>\n<meta name=\"robots\" content=\"index, follow, max-snippet:-1, max-image-preview:large, max-video-preview:-1\" \/>\n<link rel=\"canonical\" href=\"https:\/\/bauen-digital.ch\/fr\/event\/levenement-geomatique-de-rmdata-2\/\" \/>\n<meta property=\"og:locale\" content=\"fr_FR\" \/>\n<meta property=\"og:type\" content=\"article\" \/>\n<meta property=\"og:title\" content=\"L&#039;\u00c9v\u00e9nement g\u00e9omatique de rmDATA - B\u00e2tir digital Suisse \/ buildingSMART Switzerland\" \/>\n<meta property=\"og:description\" content=\"Nous vous invitons \u00e0 notre \u00e9v\u00e9nement g\u00e9omatique de cette ann\u00e9e \u00e0 Yverdon-les-Bains ! Un programme vari\u00e9 vous attend avec des regards et des perspectives au sein de l&#8217;univers des produits rmDATA ainsi que des conf\u00e9rences int\u00e9ressantes donn\u00e9es par des invit\u00e9s. Informez-vous sur l&#8217;\u00e9tat actuel de\u00a0la solution pour la MO Suisse,...\" \/>\n<meta property=\"og:url\" content=\"https:\/\/bauen-digital.ch\/fr\/event\/levenement-geomatique-de-rmdata-2\/\" \/>\n<meta property=\"og:site_name\" content=\"B\u00e2tir digital Suisse \/ buildingSMART Switzerland\" \/>\n<meta property=\"article:modified_time\" content=\"2024-11-19T11:04:25+00:00\" \/>\n<meta property=\"og:image\" content=\"https:\/\/bauen-digital.ch\/wp\/wp-content\/uploads\/Geomatik-Event-Yverdone-2025-Teaser_NEU.png\" \/>\n\t<meta property=\"og:image:width\" content=\"1200\" \/>\n\t<meta property=\"og:image:height\" content=\"514\" \/>\n\t<meta property=\"og:image:type\" content=\"image\/png\" \/>\n<meta name=\"twitter:card\" content=\"summary_large_image\" \/>\n<meta name=\"twitter:label1\" content=\"Dur\u00e9e de lecture estim\u00e9e\" \/>\n\t<meta name=\"twitter:data1\" content=\"1 minute\" \/>\n<script type=\"application\/ld+json\" class=\"yoast-schema-graph\">{\"@context\":\"https:\\\/\\\/schema.org\",\"@graph\":[{\"@type\":\"WebPage\",\"@id\":\"https:\\\/\\\/bauen-digital.ch\\\/fr\\\/event\\\/levenement-geomatique-de-rmdata-2\\\/\",\"url\":\"https:\\\/\\\/bauen-digital.ch\\\/fr\\\/event\\\/levenement-geomatique-de-rmdata-2\\\/\",\"name\":\"L'\u00c9v\u00e9nement g\u00e9omatique de rmDATA - B\u00e2tir digital Suisse \\\/ buildingSMART Switzerland\",\"isPartOf\":{\"@id\":\"https:\\\/\\\/bauen-digital.ch\\\/fr\\\/#website\"},\"primaryImageOfPage\":{\"@id\":\"https:\\\/\\\/bauen-digital.ch\\\/fr\\\/event\\\/levenement-geomatique-de-rmdata-2\\\/#primaryimage\"},\"image\":{\"@id\":\"https:\\\/\\\/bauen-digital.ch\\\/fr\\\/event\\\/levenement-geomatique-de-rmdata-2\\\/#primaryimage\"},\"thumbnailUrl\":\"https:\\\/\\\/bauen-digital.ch\\\/wp\\\/wp-content\\\/uploads\\\/Geomatik-Event-Yverdone-2025-Teaser_NEU.png\",\"datePublished\":\"2024-11-19T07:26:53+00:00\",\"dateModified\":\"2024-11-19T11:04:25+00:00\",\"breadcrumb\":{\"@id\":\"https:\\\/\\\/bauen-digital.ch\\\/fr\\\/event\\\/levenement-geomatique-de-rmdata-2\\\/#breadcrumb\"},\"inLanguage\":\"fr-FR\",\"potentialAction\":[{\"@type\":\"ReadAction\",\"target\":[\"https:\\\/\\\/bauen-digital.ch\\\/fr\\\/event\\\/levenement-geomatique-de-rmdata-2\\\/\"]}]},{\"@type\":\"ImageObject\",\"inLanguage\":\"fr-FR\",\"@id\":\"https:\\\/\\\/bauen-digital.ch\\\/fr\\\/event\\\/levenement-geomatique-de-rmdata-2\\\/#primaryimage\",\"url\":\"https:\\\/\\\/bauen-digital.ch\\\/wp\\\/wp-content\\\/uploads\\\/Geomatik-Event-Yverdone-2025-Teaser_NEU.png\",\"contentUrl\":\"https:\\\/\\\/bauen-digital.ch\\\/wp\\\/wp-content\\\/uploads\\\/Geomatik-Event-Yverdone-2025-Teaser_NEU.png\",\"width\":1200,\"height\":514},{\"@type\":\"BreadcrumbList\",\"@id\":\"https:\\\/\\\/bauen-digital.ch\\\/fr\\\/event\\\/levenement-geomatique-de-rmdata-2\\\/#breadcrumb\",\"itemListElement\":[{\"@type\":\"ListItem\",\"position\":1,\"name\":\"Startseite\",\"item\":\"https:\\\/\\\/bauen-digital.ch\\\/fr\\\/\"},{\"@type\":\"ListItem\",\"position\":2,\"name\":\"\u00c9v\u00e9nements\",\"item\":\"https:\\\/\\\/bauen-digital.ch\\\/fr\\\/events\\\/\"},{\"@type\":\"ListItem\",\"position\":3,\"name\":\"L&#8217;\u00c9v\u00e9nement g\u00e9omatique de rmDATA\"}]},{\"@type\":\"WebSite\",\"@id\":\"https:\\\/\\\/bauen-digital.ch\\\/fr\\\/#website\",\"url\":\"https:\\\/\\\/bauen-digital.ch\\\/fr\\\/\",\"name\":\"Bauen digital Schweiz \\\/ buildingSMART Switzerland\",\"description\":\"\",\"publisher\":{\"@id\":\"https:\\\/\\\/bauen-digital.ch\\\/fr\\\/#organization\"},\"potentialAction\":[{\"@type\":\"SearchAction\",\"target\":{\"@type\":\"EntryPoint\",\"urlTemplate\":\"https:\\\/\\\/bauen-digital.ch\\\/fr\\\/?s={search_term_string}\"},\"query-input\":{\"@type\":\"PropertyValueSpecification\",\"valueRequired\":true,\"valueName\":\"search_term_string\"}}],\"inLanguage\":\"fr-FR\"},{\"@type\":\"Organization\",\"@id\":\"https:\\\/\\\/bauen-digital.ch\\\/fr\\\/#organization\",\"name\":\"Bauen digital Schweiz \\\/ buildingSMART Switzerland\",\"url\":\"https:\\\/\\\/bauen-digital.ch\\\/fr\\\/\",\"logo\":{\"@type\":\"ImageObject\",\"inLanguage\":\"fr-FR\",\"@id\":\"https:\\\/\\\/bauen-digital.ch\\\/fr\\\/#\\\/schema\\\/logo\\\/image\\\/\",\"url\":\"https:\\\/\\\/bauen-digital.ch\\\/wp\\\/wp-content\\\/uploads\\\/Kombi_Logo_BdS_bSMART_jpg.jpg\",\"contentUrl\":\"https:\\\/\\\/bauen-digital.ch\\\/wp\\\/wp-content\\\/uploads\\\/Kombi_Logo_BdS_bSMART_jpg.jpg\",\"width\":3882,\"height\":778,\"caption\":\"Bauen digital Schweiz \\\/ buildingSMART Switzerland\"},\"image\":{\"@id\":\"https:\\\/\\\/bauen-digital.ch\\\/fr\\\/#\\\/schema\\\/logo\\\/image\\\/\"},\"sameAs\":[\"https:\\\/\\\/www.linkedin.com\\\/company\\\/18609279\\\/admin\\\/dashboard\\\/\"]}]}<\/script>\n<!-- \/ Yoast SEO plugin. -->","yoast_head_json":{"title":"L'\u00c9v\u00e9nement g\u00e9omatique de rmDATA - B\u00e2tir digital Suisse \/ buildingSMART Switzerland","robots":{"index":"index","follow":"follow","max-snippet":"max-snippet:-1","max-image-preview":"max-image-preview:large","max-video-preview":"max-video-preview:-1"},"canonical":"https:\/\/bauen-digital.ch\/fr\/event\/levenement-geomatique-de-rmdata-2\/","og_locale":"fr_FR","og_type":"article","og_title":"L'\u00c9v\u00e9nement g\u00e9omatique de rmDATA - B\u00e2tir digital Suisse \/ buildingSMART Switzerland","og_description":"Nous vous invitons \u00e0 notre \u00e9v\u00e9nement g\u00e9omatique de cette ann\u00e9e \u00e0 Yverdon-les-Bains ! Un programme vari\u00e9 vous attend avec des regards et des perspectives au sein de l&#8217;univers des produits rmDATA ainsi que des conf\u00e9rences int\u00e9ressantes donn\u00e9es par des invit\u00e9s. Informez-vous sur l&#8217;\u00e9tat actuel de\u00a0la solution pour la MO Suisse,...","og_url":"https:\/\/bauen-digital.ch\/fr\/event\/levenement-geomatique-de-rmdata-2\/","og_site_name":"B\u00e2tir digital Suisse \/ buildingSMART Switzerland","article_modified_time":"2024-11-19T11:04:25+00:00","og_image":[{"width":1200,"height":514,"url":"https:\/\/bauen-digital.ch\/wp\/wp-content\/uploads\/Geomatik-Event-Yverdone-2025-Teaser_NEU.png","type":"image\/png"}],"twitter_card":"summary_large_image","twitter_misc":{"Dur\u00e9e de lecture estim\u00e9e":"1 minute"},"schema":{"@context":"https:\/\/schema.org","@graph":[{"@type":"WebPage","@id":"https:\/\/bauen-digital.ch\/fr\/event\/levenement-geomatique-de-rmdata-2\/","url":"https:\/\/bauen-digital.ch\/fr\/event\/levenement-geomatique-de-rmdata-2\/","name":"L'\u00c9v\u00e9nement g\u00e9omatique de rmDATA - B\u00e2tir digital Suisse \/ buildingSMART Switzerland","isPartOf":{"@id":"https:\/\/bauen-digital.ch\/fr\/#website"},"primaryImageOfPage":{"@id":"https:\/\/bauen-digital.ch\/fr\/event\/levenement-geomatique-de-rmdata-2\/#primaryimage"},"image":{"@id":"https:\/\/bauen-digital.ch\/fr\/event\/levenement-geomatique-de-rmdata-2\/#primaryimage"},"thumbnailUrl":"https:\/\/bauen-digital.ch\/wp\/wp-content\/uploads\/Geomatik-Event-Yverdone-2025-Teaser_NEU.png","datePublished":"2024-11-19T07:26:53+00:00","dateModified":"2024-11-19T11:04:25+00:00","breadcrumb":{"@id":"https:\/\/bauen-digital.ch\/fr\/event\/levenement-geomatique-de-rmdata-2\/#breadcrumb"},"inLanguage":"fr-FR","potentialAction":[{"@type":"ReadAction","target":["https:\/\/bauen-digital.ch\/fr\/event\/levenement-geomatique-de-rmdata-2\/"]}]},{"@type":"ImageObject","inLanguage":"fr-FR","@id":"https:\/\/bauen-digital.ch\/fr\/event\/levenement-geomatique-de-rmdata-2\/#primaryimage","url":"https:\/\/bauen-digital.ch\/wp\/wp-content\/uploads\/Geomatik-Event-Yverdone-2025-Teaser_NEU.png","contentUrl":"https:\/\/bauen-digital.ch\/wp\/wp-content\/uploads\/Geomatik-Event-Yverdone-2025-Teaser_NEU.png","width":1200,"height":514},{"@type":"BreadcrumbList","@id":"https:\/\/bauen-digital.ch\/fr\/event\/levenement-geomatique-de-rmdata-2\/#breadcrumb","itemListElement":[{"@type":"ListItem","position":1,"name":"Startseite","item":"https:\/\/bauen-digital.ch\/fr\/"},{"@type":"ListItem","position":2,"name":"\u00c9v\u00e9nements","item":"https:\/\/bauen-digital.ch\/fr\/events\/"},{"@type":"ListItem","position":3,"name":"L&#8217;\u00c9v\u00e9nement g\u00e9omatique de rmDATA"}]},{"@type":"WebSite","@id":"https:\/\/bauen-digital.ch\/fr\/#website","url":"https:\/\/bauen-digital.ch\/fr\/","name":"Bauen digital Schweiz \/ buildingSMART Switzerland","description":"","publisher":{"@id":"https:\/\/bauen-digital.ch\/fr\/#organization"},"potentialAction":[{"@type":"SearchAction","target":{"@type":"EntryPoint","urlTemplate":"https:\/\/bauen-digital.ch\/fr\/?s={search_term_string}"},"query-input":{"@type":"PropertyValueSpecification","valueRequired":true,"valueName":"search_term_string"}}],"inLanguage":"fr-FR"},{"@type":"Organization","@id":"https:\/\/bauen-digital.ch\/fr\/#organization","name":"Bauen digital Schweiz \/ buildingSMART Switzerland","url":"https:\/\/bauen-digital.ch\/fr\/","logo":{"@type":"ImageObject","inLanguage":"fr-FR","@id":"https:\/\/bauen-digital.ch\/fr\/#\/schema\/logo\/image\/","url":"https:\/\/bauen-digital.ch\/wp\/wp-content\/uploads\/Kombi_Logo_BdS_bSMART_jpg.jpg","contentUrl":"https:\/\/bauen-digital.ch\/wp\/wp-content\/uploads\/Kombi_Logo_BdS_bSMART_jpg.jpg","width":3882,"height":778,"caption":"Bauen digital Schweiz \/ buildingSMART Switzerland"},"image":{"@id":"https:\/\/bauen-digital.ch\/fr\/#\/schema\/logo\/image\/"},"sameAs":["https:\/\/www.linkedin.com\/company\/18609279\/admin\/dashboard\/"]}]}},"_links":{"self":[{"href":"https:\/\/bauen-digital.ch\/fr\/wp-json\/wp\/v2\/tribe_events\/9976","targetHints":{"allow":["GET"]}}],"collection":[{"href":"https:\/\/bauen-digital.ch\/fr\/wp-json\/wp\/v2\/tribe_events"}],"about":[{"href":"https:\/\/bauen-digital.ch\/fr\/wp-json\/wp\/v2\/types\/tribe_events"}],"author":[{"embeddable":true,"href":"https:\/\/bauen-digital.ch\/fr\/wp-json\/wp\/v2\/users\/2"}],"version-history":[{"count":1,"href":"https:\/\/bauen-digital.ch\/fr\/wp-json\/wp\/v2\/tribe_events\/9976\/revisions"}],"predecessor-version":[{"id":9978,"href":"https:\/\/bauen-digital.ch\/fr\/wp-json\/wp\/v2\/tribe_events\/9976\/revisions\/9978"}],"wp:featuredmedia":[{"embeddable":true,"href":"https:\/\/bauen-digital.ch\/fr\/wp-json\/wp\/v2\/media\/9986"}],"wp:attachment":[{"href":"https:\/\/bauen-digital.ch\/fr\/wp-json\/wp\/v2\/media?parent=9976"}],"wp:term":[{"taxonomy":"post_tag","embeddable":true,"href":"https:\/\/bauen-digital.ch\/fr\/wp-json\/wp\/v2\/tags?post=9976"},{"taxonomy":"tribe_events_cat","embeddable":true,"href":"https:\/\/bauen-digital.ch\/fr\/wp-json\/wp\/v2\/tribe_events_cat?post=9976"}],"curies":[{"name":"wp","href":"https:\/\/api.w.org\/{rel}","templated":true}]}}