{"id":8672,"date":"2024-08-26T08:55:05","date_gmt":"2024-08-26T06:55:05","guid":{"rendered":"https:\/\/bauen-digital.ch\/?post_type=tribe_events&#038;p=8672"},"modified":"2024-08-26T09:00:26","modified_gmt":"2024-08-26T07:00:26","slug":"academie-dete-de-la-construction-suisse-romande","status":"publish","type":"tribe_events","link":"https:\/\/bauen-digital.ch\/fr\/event\/academie-dete-de-la-construction-suisse-romande\/","title":{"rendered":"Acad\u00e9mie d&#8217;\u00e9t\u00e9 de la construction Suisse romande: Rencontre entre professionnels de la construction"},"content":{"rendered":"<p>Cet apr\u00e8s-midi vous donnera un aper\u00e7u sur l&#8217;utilisation du BIM au quotidien dans le domaine de la construction et de l\u2019immobilier.<\/p>\n<p>Diff\u00e9rents acteurs et experts interviendront afin de pr\u00e9senter, \u00e9changer et apporter r\u00e9ponses aux questions actuelles.<\/p>\n<p><strong>Programme<\/strong><br \/>\n14:00 &#8211; 14:15\u00a0 \u00a0 Accueil et mot de bienvenue, CRB<\/p>\n<p>14:15 &#8211; 15:00\u00a0 \u00a0 Pour un avenir en interconnexion, B\u00e2tir digital Suisse<\/p>\n<p>15:00 &#8211; 15:20\u00a0 \u00a0 Evolution du BIM en Suisse romande, Mensch und Maschine<\/p>\n<p>15:20 &#8211; 15:40\u00a0 \u00a0 Interop\u00e9rabilit\u00e9 digitale entre le domaine de l&#8217;architecture et les planificateurs\/mandataires, Graphisoft<\/p>\n<p>15:40 &#8211; 16:20\u00a0 \u00a0 Pr\u00e9sentation du Serveur Profil BIM, CRB<\/p>\n<p>16:20 &#8211; 16:30\u00a0 \u00a0 R\u00e9sum\u00e9, CRB<\/p>\n<p>d\u00e8s 16:30\u00a0 \u00a0 \u00a0 \u00a0 \u00a0 Ap\u00e9ritif<\/p>\n","protected":false},"excerpt":{"rendered":"<p>Cet apr\u00e8s-midi vous donnera un aper\u00e7u sur l&#8217;utilisation du BIM au quotidien dans le domaine de la construction et de l\u2019immobilier. Diff\u00e9rents acteurs et experts interviendront afin de pr\u00e9senter, \u00e9changer et apporter r\u00e9ponses aux questions actuelles. Programme 14:00 &#8211; 14:15\u00a0 \u00a0 Accueil et mot de bienvenue, CRB 14:15 &#8211; 15:00\u00a0&#8230;<\/p>\n","protected":false},"author":2,"featured_media":0,"template":"","meta":{"_tribe_events_status":"","_tribe_events_status_reason":"","footnotes":"","_links_to":"","_links_to_target":""},"tags":[],"tribe_events_cat":[],"class_list":["post-8672","tribe_events","type-tribe_events","status-publish","hentry"],"yoast_head":"<!-- This site is optimized with the Yoast SEO plugin v27.5 - https:\/\/yoast.com\/product\/yoast-seo-wordpress\/ -->\n<title>Acad\u00e9mie d&#039;\u00e9t\u00e9 de la construction Suisse romande: Rencontre entre professionnels de la construction - B\u00e2tir digital Suisse \/ buildingSMART Switzerland<\/title>\n<meta name=\"robots\" content=\"index, follow, max-snippet:-1, max-image-preview:large, max-video-preview:-1\" \/>\n<link rel=\"canonical\" href=\"https:\/\/bauen-digital.ch\/fr\/event\/academie-dete-de-la-construction-suisse-romande\/\" \/>\n<meta property=\"og:locale\" content=\"fr_FR\" \/>\n<meta property=\"og:type\" content=\"article\" \/>\n<meta property=\"og:title\" content=\"Acad\u00e9mie d&#039;\u00e9t\u00e9 de la construction Suisse romande: Rencontre entre professionnels de la construction - B\u00e2tir digital Suisse \/ buildingSMART Switzerland\" \/>\n<meta property=\"og:description\" content=\"Cet apr\u00e8s-midi vous donnera un aper\u00e7u sur l&#8217;utilisation du BIM au quotidien dans le domaine de la construction et de l\u2019immobilier. Diff\u00e9rents acteurs et experts interviendront afin de pr\u00e9senter, \u00e9changer et apporter r\u00e9ponses aux questions actuelles. Programme 14:00 &#8211; 14:15\u00a0 \u00a0 Accueil et mot de bienvenue, CRB 14:15 &#8211; 15:00\u00a0...\" \/>\n<meta property=\"og:url\" content=\"https:\/\/bauen-digital.ch\/fr\/event\/academie-dete-de-la-construction-suisse-romande\/\" \/>\n<meta property=\"og:site_name\" content=\"B\u00e2tir digital Suisse \/ buildingSMART Switzerland\" \/>\n<meta property=\"article:modified_time\" content=\"2024-08-26T07:00:26+00:00\" \/>\n<meta name=\"twitter:card\" content=\"summary_large_image\" \/>\n<meta name=\"twitter:label1\" content=\"Dur\u00e9e de lecture estim\u00e9e\" \/>\n\t<meta name=\"twitter:data1\" content=\"1 minute\" \/>\n<script type=\"application\/ld+json\" class=\"yoast-schema-graph\">{\"@context\":\"https:\\\/\\\/schema.org\",\"@graph\":[{\"@type\":\"WebPage\",\"@id\":\"https:\\\/\\\/bauen-digital.ch\\\/fr\\\/event\\\/academie-dete-de-la-construction-suisse-romande\\\/\",\"url\":\"https:\\\/\\\/bauen-digital.ch\\\/fr\\\/event\\\/academie-dete-de-la-construction-suisse-romande\\\/\",\"name\":\"Acad\u00e9mie d'\u00e9t\u00e9 de la construction Suisse romande: Rencontre entre professionnels de la construction - B\u00e2tir digital Suisse \\\/ buildingSMART Switzerland\",\"isPartOf\":{\"@id\":\"https:\\\/\\\/bauen-digital.ch\\\/fr\\\/#website\"},\"datePublished\":\"2024-08-26T06:55:05+00:00\",\"dateModified\":\"2024-08-26T07:00:26+00:00\",\"breadcrumb\":{\"@id\":\"https:\\\/\\\/bauen-digital.ch\\\/fr\\\/event\\\/academie-dete-de-la-construction-suisse-romande\\\/#breadcrumb\"},\"inLanguage\":\"fr-FR\",\"potentialAction\":[{\"@type\":\"ReadAction\",\"target\":[\"https:\\\/\\\/bauen-digital.ch\\\/fr\\\/event\\\/academie-dete-de-la-construction-suisse-romande\\\/\"]}]},{\"@type\":\"BreadcrumbList\",\"@id\":\"https:\\\/\\\/bauen-digital.ch\\\/fr\\\/event\\\/academie-dete-de-la-construction-suisse-romande\\\/#breadcrumb\",\"itemListElement\":[{\"@type\":\"ListItem\",\"position\":1,\"name\":\"Startseite\",\"item\":\"https:\\\/\\\/bauen-digital.ch\\\/fr\\\/\"},{\"@type\":\"ListItem\",\"position\":2,\"name\":\"\u00c9v\u00e9nements\",\"item\":\"https:\\\/\\\/bauen-digital.ch\\\/fr\\\/events\\\/\"},{\"@type\":\"ListItem\",\"position\":3,\"name\":\"Acad\u00e9mie d&#8217;\u00e9t\u00e9 de la construction Suisse romande: Rencontre entre professionnels de la construction\"}]},{\"@type\":\"WebSite\",\"@id\":\"https:\\\/\\\/bauen-digital.ch\\\/fr\\\/#website\",\"url\":\"https:\\\/\\\/bauen-digital.ch\\\/fr\\\/\",\"name\":\"Bauen digital Schweiz \\\/ buildingSMART Switzerland\",\"description\":\"\",\"publisher\":{\"@id\":\"https:\\\/\\\/bauen-digital.ch\\\/fr\\\/#organization\"},\"potentialAction\":[{\"@type\":\"SearchAction\",\"target\":{\"@type\":\"EntryPoint\",\"urlTemplate\":\"https:\\\/\\\/bauen-digital.ch\\\/fr\\\/?s={search_term_string}\"},\"query-input\":{\"@type\":\"PropertyValueSpecification\",\"valueRequired\":true,\"valueName\":\"search_term_string\"}}],\"inLanguage\":\"fr-FR\"},{\"@type\":\"Organization\",\"@id\":\"https:\\\/\\\/bauen-digital.ch\\\/fr\\\/#organization\",\"name\":\"Bauen digital Schweiz \\\/ buildingSMART Switzerland\",\"url\":\"https:\\\/\\\/bauen-digital.ch\\\/fr\\\/\",\"logo\":{\"@type\":\"ImageObject\",\"inLanguage\":\"fr-FR\",\"@id\":\"https:\\\/\\\/bauen-digital.ch\\\/fr\\\/#\\\/schema\\\/logo\\\/image\\\/\",\"url\":\"https:\\\/\\\/bauen-digital.ch\\\/wp\\\/wp-content\\\/uploads\\\/Kombi_Logo_BdS_bSMART_jpg.jpg\",\"contentUrl\":\"https:\\\/\\\/bauen-digital.ch\\\/wp\\\/wp-content\\\/uploads\\\/Kombi_Logo_BdS_bSMART_jpg.jpg\",\"width\":3882,\"height\":778,\"caption\":\"Bauen digital Schweiz \\\/ buildingSMART Switzerland\"},\"image\":{\"@id\":\"https:\\\/\\\/bauen-digital.ch\\\/fr\\\/#\\\/schema\\\/logo\\\/image\\\/\"},\"sameAs\":[\"https:\\\/\\\/www.linkedin.com\\\/company\\\/18609279\\\/admin\\\/dashboard\\\/\"]}]}<\/script>\n<!-- \/ Yoast SEO plugin. -->","yoast_head_json":{"title":"Acad\u00e9mie d'\u00e9t\u00e9 de la construction Suisse romande: Rencontre entre professionnels de la construction - B\u00e2tir digital Suisse \/ buildingSMART Switzerland","robots":{"index":"index","follow":"follow","max-snippet":"max-snippet:-1","max-image-preview":"max-image-preview:large","max-video-preview":"max-video-preview:-1"},"canonical":"https:\/\/bauen-digital.ch\/fr\/event\/academie-dete-de-la-construction-suisse-romande\/","og_locale":"fr_FR","og_type":"article","og_title":"Acad\u00e9mie d'\u00e9t\u00e9 de la construction Suisse romande: Rencontre entre professionnels de la construction - B\u00e2tir digital Suisse \/ buildingSMART Switzerland","og_description":"Cet apr\u00e8s-midi vous donnera un aper\u00e7u sur l&#8217;utilisation du BIM au quotidien dans le domaine de la construction et de l\u2019immobilier. Diff\u00e9rents acteurs et experts interviendront afin de pr\u00e9senter, \u00e9changer et apporter r\u00e9ponses aux questions actuelles. Programme 14:00 &#8211; 14:15\u00a0 \u00a0 Accueil et mot de bienvenue, CRB 14:15 &#8211; 15:00\u00a0...","og_url":"https:\/\/bauen-digital.ch\/fr\/event\/academie-dete-de-la-construction-suisse-romande\/","og_site_name":"B\u00e2tir digital Suisse \/ buildingSMART Switzerland","article_modified_time":"2024-08-26T07:00:26+00:00","twitter_card":"summary_large_image","twitter_misc":{"Dur\u00e9e de lecture estim\u00e9e":"1 minute"},"schema":{"@context":"https:\/\/schema.org","@graph":[{"@type":"WebPage","@id":"https:\/\/bauen-digital.ch\/fr\/event\/academie-dete-de-la-construction-suisse-romande\/","url":"https:\/\/bauen-digital.ch\/fr\/event\/academie-dete-de-la-construction-suisse-romande\/","name":"Acad\u00e9mie d'\u00e9t\u00e9 de la construction Suisse romande: Rencontre entre professionnels de la construction - B\u00e2tir digital Suisse \/ buildingSMART Switzerland","isPartOf":{"@id":"https:\/\/bauen-digital.ch\/fr\/#website"},"datePublished":"2024-08-26T06:55:05+00:00","dateModified":"2024-08-26T07:00:26+00:00","breadcrumb":{"@id":"https:\/\/bauen-digital.ch\/fr\/event\/academie-dete-de-la-construction-suisse-romande\/#breadcrumb"},"inLanguage":"fr-FR","potentialAction":[{"@type":"ReadAction","target":["https:\/\/bauen-digital.ch\/fr\/event\/academie-dete-de-la-construction-suisse-romande\/"]}]},{"@type":"BreadcrumbList","@id":"https:\/\/bauen-digital.ch\/fr\/event\/academie-dete-de-la-construction-suisse-romande\/#breadcrumb","itemListElement":[{"@type":"ListItem","position":1,"name":"Startseite","item":"https:\/\/bauen-digital.ch\/fr\/"},{"@type":"ListItem","position":2,"name":"\u00c9v\u00e9nements","item":"https:\/\/bauen-digital.ch\/fr\/events\/"},{"@type":"ListItem","position":3,"name":"Acad\u00e9mie d&#8217;\u00e9t\u00e9 de la construction Suisse romande: Rencontre entre professionnels de la construction"}]},{"@type":"WebSite","@id":"https:\/\/bauen-digital.ch\/fr\/#website","url":"https:\/\/bauen-digital.ch\/fr\/","name":"Bauen digital Schweiz \/ buildingSMART Switzerland","description":"","publisher":{"@id":"https:\/\/bauen-digital.ch\/fr\/#organization"},"potentialAction":[{"@type":"SearchAction","target":{"@type":"EntryPoint","urlTemplate":"https:\/\/bauen-digital.ch\/fr\/?s={search_term_string}"},"query-input":{"@type":"PropertyValueSpecification","valueRequired":true,"valueName":"search_term_string"}}],"inLanguage":"fr-FR"},{"@type":"Organization","@id":"https:\/\/bauen-digital.ch\/fr\/#organization","name":"Bauen digital Schweiz \/ buildingSMART Switzerland","url":"https:\/\/bauen-digital.ch\/fr\/","logo":{"@type":"ImageObject","inLanguage":"fr-FR","@id":"https:\/\/bauen-digital.ch\/fr\/#\/schema\/logo\/image\/","url":"https:\/\/bauen-digital.ch\/wp\/wp-content\/uploads\/Kombi_Logo_BdS_bSMART_jpg.jpg","contentUrl":"https:\/\/bauen-digital.ch\/wp\/wp-content\/uploads\/Kombi_Logo_BdS_bSMART_jpg.jpg","width":3882,"height":778,"caption":"Bauen digital Schweiz \/ buildingSMART Switzerland"},"image":{"@id":"https:\/\/bauen-digital.ch\/fr\/#\/schema\/logo\/image\/"},"sameAs":["https:\/\/www.linkedin.com\/company\/18609279\/admin\/dashboard\/"]}]}},"_links":{"self":[{"href":"https:\/\/bauen-digital.ch\/fr\/wp-json\/wp\/v2\/tribe_events\/8672","targetHints":{"allow":["GET"]}}],"collection":[{"href":"https:\/\/bauen-digital.ch\/fr\/wp-json\/wp\/v2\/tribe_events"}],"about":[{"href":"https:\/\/bauen-digital.ch\/fr\/wp-json\/wp\/v2\/types\/tribe_events"}],"author":[{"embeddable":true,"href":"https:\/\/bauen-digital.ch\/fr\/wp-json\/wp\/v2\/users\/2"}],"version-history":[{"count":5,"href":"https:\/\/bauen-digital.ch\/fr\/wp-json\/wp\/v2\/tribe_events\/8672\/revisions"}],"predecessor-version":[{"id":8679,"href":"https:\/\/bauen-digital.ch\/fr\/wp-json\/wp\/v2\/tribe_events\/8672\/revisions\/8679"}],"wp:attachment":[{"href":"https:\/\/bauen-digital.ch\/fr\/wp-json\/wp\/v2\/media?parent=8672"}],"wp:term":[{"taxonomy":"post_tag","embeddable":true,"href":"https:\/\/bauen-digital.ch\/fr\/wp-json\/wp\/v2\/tags?post=8672"},{"taxonomy":"tribe_events_cat","embeddable":true,"href":"https:\/\/bauen-digital.ch\/fr\/wp-json\/wp\/v2\/tribe_events_cat?post=8672"}],"curies":[{"name":"wp","href":"https:\/\/api.w.org\/{rel}","templated":true}]}}